{"id":944,"date":"2023-12-05T17:53:43","date_gmt":"2023-12-05T16:53:43","guid":{"rendered":"https:\/\/esteticcaldes.com\/estetic-caldes\/"},"modified":"2023-12-22T10:38:49","modified_gmt":"2023-12-22T09:38:49","slug":"estetic-caldes","status":"publish","type":"page","link":"https:\/\/esteticcaldes.com\/ca\/","title":{"rendered":"Est\u00e8tic Caldes"},"content":{"rendered":"\n<h1>\n\t\tEst\u00e8tic Caldes\n\t<\/h1>\n<h2>\n\t\tFotodepilaci\u00f3 | Est\u00e8tica avan\u00e7ada. M\u00e9s de 10 anys cuidant-te.\n\t<\/h2>\n\t<h2>El nostre objectiu<\/h2>\n<p>A <strong>ESTETIC CALDES<\/strong> el nostre objectiu principal \u00e9s aconseguir la satisfacci\u00f3 de les persones que es posen a les nostres mans, tant a trav\u00e9s dels resultats dels tractaments, com mitjan\u00e7ant l&#8217;atenci\u00f3 personalitzada i la dedicaci\u00f3 prestada a cadascun. Tot aix\u00f2 basant-nos fonamentalment en els nostres principis i valors que es regeixen principalment pel respecte, l&#8217;honestedat, el comprom\u00eds i la responsabilitat.<\/p>\n\t\t\t\t<img loading=\"lazy\" decoding=\"async\" src=\"https:\/\/esteticcaldes.com\/wp-content\/uploads\/que-ofrecemos-min.png\" alt=\"que-ofrecemos-min\" itemprop=\"image\" height=\"294\" width=\"294\" title=\"que-ofrecemos-min\" onerror=\"this.style.display='none'\"  \/>\n\t<p>Volem donar resposta a la necessitat d&#8217;apropar l&#8217;est\u00e8tica avan\u00e7ada a totes les persones i tots els sectors de la poblaci\u00f3, per oferir els tractaments m\u00e9s innovadors del m\u00f3n de l&#8217;est\u00e8tica i la bellesa a preus justos i competents perqu\u00e8 tothom pugui gaudir dels beneficis.<\/p>\n\t<h2>Els nostres tractaments<\/h2>\n\t\t\t\t<a href=\"https:\/\/esteticcaldes.com\/ca\/tractaments\/laser\/\" target=\"_self\" itemprop=\"url\" rel=\"noopener\">\n\t\t\t\t<img loading=\"lazy\" decoding=\"async\" src=\"https:\/\/esteticcaldes.com\/wp-content\/uploads\/depilacion-laser-min.png\" alt=\"depilacion-laser-min\" itemprop=\"image\" height=\"768\" width=\"1366\" title=\"depilacion-laser-min\" onerror=\"this.style.display='none'\"  \/>\n\t\t\t\t<\/a>\n\t<h3><a href=\"https:\/\/esteticcaldes.com\/ca\/tractaments\/laser\/\">L\u00e0ser \/ Llum polsada<\/a><\/h3>\n\t\t\t\t<a href=\"https:\/\/esteticcaldes.com\/ca\/tractaments\/tractaments-facials\/\" target=\"_self\" itemprop=\"url\" rel=\"noopener\">\n\t\t\t\t<img loading=\"lazy\" decoding=\"async\" src=\"https:\/\/esteticcaldes.com\/wp-content\/uploads\/tratamientos-faciales-03-min.png\" alt=\"tratamientos-faciales-03-min\" itemprop=\"image\" height=\"768\" width=\"1366\" title=\"tratamientos-faciales-03-min\" onerror=\"this.style.display='none'\"  \/>\n\t\t\t\t<\/a>\n\t<h3><a href=\"https:\/\/esteticcaldes.com\/ca\/tractaments\/tractaments-facials\/\">Tractaments facials<\/a><\/h3>\n\t\t\t\t<a href=\"https:\/\/esteticcaldes.com\/ca\/tractaments\/tractaments-corporals\/\" target=\"_self\" itemprop=\"url\" rel=\"noopener\">\n\t\t\t\t<img loading=\"lazy\" decoding=\"async\" src=\"https:\/\/esteticcaldes.com\/wp-content\/uploads\/tratamientos-corporales-01-min.png\" alt=\"tratamientos-corporales-01-min\" itemprop=\"image\" height=\"768\" width=\"1366\" title=\"tratamientos-corporales-01-min\" onerror=\"this.style.display='none'\"  \/>\n\t\t\t\t<\/a>\n\t<h3><a href=\"https:\/\/esteticcaldes.com\/ca\/tractaments\/tractaments-corporals\/\">Tractaments corporals<\/a><\/h3>\n\t\t\t\t<a href=\"https:\/\/esteticcaldes.com\/ca\/tractaments\/massatges\/\" target=\"_self\" itemprop=\"url\" rel=\"noopener\">\n\t\t\t\t<img loading=\"lazy\" decoding=\"async\" src=\"https:\/\/esteticcaldes.com\/wp-content\/uploads\/masajes.03-min.png\" alt=\"masajes..03-min\" itemprop=\"image\" height=\"768\" width=\"1366\" title=\"masajes..03-min\" onerror=\"this.style.display='none'\"  \/>\n\t\t\t\t<\/a>\n\t<h3><a href=\"https:\/\/esteticcaldes.com\/ca\/tractaments\/massatges\/\">Massatges<\/a><\/h3>\n\t\t\t\t<a href=\"https:\/\/esteticcaldes.com\/ca\/tractaments\/bellesa-de-pestanyes-i-celles\/\" target=\"_self\" itemprop=\"url\" rel=\"noopener\">\n\t\t\t\t<img loading=\"lazy\" decoding=\"async\" src=\"https:\/\/esteticcaldes.com\/wp-content\/uploads\/pestanas-cejas-05-min.png\" alt=\"pestan\u0303as-cejas-05-min\" itemprop=\"image\" height=\"768\" width=\"1366\" title=\"pestan\u0303as-cejas-05-min\" onerror=\"this.style.display='none'\"  \/>\n\t\t\t\t<\/a>\n\t<h3><a href=\"https:\/\/esteticcaldes.com\/ca\/tractaments\/bellesa-de-pestanyes-i-celles\/\">Bellesa de pestanyes i celles<\/a><\/h3>\n\t\t\t\t<a href=\"https:\/\/esteticcaldes.com\/ca\/tractaments\/bellesa-de-mans-i-peus\/\" target=\"_self\" itemprop=\"url\" rel=\"noopener\">\n\t\t\t\t<img loading=\"lazy\" decoding=\"async\" src=\"https:\/\/esteticcaldes.com\/wp-content\/uploads\/belleza-manos-pies-04-min.png\" alt=\"belleza-manos-pies-04-min\" itemprop=\"image\" height=\"768\" width=\"1366\" title=\"belleza-manos-pies-04-min\" onerror=\"this.style.display='none'\"  \/>\n\t\t\t\t<\/a>\n\t<h3><a href=\"https:\/\/esteticcaldes.com\/ca\/tractaments\/bellesa-de-mans-i-peus\/\">Bellesa de mans i peus<\/a><\/h3>\n\t\t\t\t<a href=\"https:\/\/esteticcaldes.com\/ca\/tractaments\/micropigmentacio-estetica-i-oncologica\/\" target=\"_self\" itemprop=\"url\" rel=\"noopener\">\n\t\t\t\t<img loading=\"lazy\" decoding=\"async\" src=\"https:\/\/esteticcaldes.com\/wp-content\/uploads\/micropigmentacion-5-min.png\" alt=\"micropigmentacion-5-min\" itemprop=\"image\" height=\"768\" width=\"1366\" title=\"micropigmentacion-5-min\" onerror=\"this.style.display='none'\"  \/>\n\t\t\t\t<\/a>\n\t<h3><a href=\"https:\/\/esteticcaldes.com\/ca\/tractaments\/micropigmentacio-estetica-i-oncologica\/\">Micropigmentaci\u00f3<\/a><\/h3>\n\t\t\t\t<a href=\"https:\/\/esteticcaldes.com\/ca\/tractaments\/blanquejament-dental-led\/\" target=\"_self\" itemprop=\"url\" rel=\"noopener\">\n\t\t\t\t<img loading=\"lazy\" decoding=\"async\" src=\"https:\/\/esteticcaldes.com\/wp-content\/uploads\/blanqueamiento-dental-1-min.png\" alt=\"blanqueamiento-dental-1-min\" itemprop=\"image\" height=\"768\" width=\"1366\" title=\"blanqueamiento-dental-1-min\" onerror=\"this.style.display='none'\"  \/>\n\t\t\t\t<\/a>\n\t<h3><a href=\"https:\/\/esteticcaldes.com\/ca\/tractaments\/blanquejament-dental-led\/\">Blanquejament dental<\/a><\/h3>\n\t\t\t\t<a href=\"https:\/\/esteticcaldes.com\/ca\/tractaments\/raigs-uva\/\" target=\"_self\" itemprop=\"url\" rel=\"noopener\">\n\t\t\t\t<img loading=\"lazy\" decoding=\"async\" src=\"https:\/\/esteticcaldes.com\/wp-content\/uploads\/rayos-uva-4-min.png\" alt=\"rayos-uva-4-min\" itemprop=\"image\" height=\"768\" width=\"1366\" title=\"rayos-uva-4-min\" onerror=\"this.style.display='none'\"  \/>\n\t\t\t\t<\/a>\n\t<h3><a href=\"https:\/\/esteticcaldes.com\/ca\/tractaments\/raigs-uva\/\">Raigs UVA<\/a><\/h3>\n\t\t\t\t<a href=\"https:\/\/esteticcaldes.com\/ca\/tractaments\/tractaments-spa\/\" target=\"_self\" itemprop=\"url\" rel=\"noopener\">\n\t\t\t\t<img loading=\"lazy\" decoding=\"async\" src=\"https:\/\/esteticcaldes.com\/wp-content\/uploads\/tratamientos-spa-4-min.png\" alt=\"tratamientos-spa-4-min\" itemprop=\"image\" height=\"768\" width=\"1366\" title=\"tratamientos-spa-4-min\" onerror=\"this.style.display='none'\"  \/>\n\t\t\t\t<\/a>\n\t<h3><a href=\"https:\/\/esteticcaldes.com\/ca\/tractaments\/tractaments-spa\/\">Tractaments SPA<\/a><\/h3>\n\t\t\t\t<a href=\"https:\/\/esteticcaldes.com\/ca\/tractaments\/altres-serveis-productes\/\" target=\"_self\" itemprop=\"url\" rel=\"noopener\">\n\t\t\t\t<img loading=\"lazy\" decoding=\"async\" src=\"https:\/\/esteticcaldes.com\/wp-content\/uploads\/cosmetica-min.png\" alt=\"cosme\u0301tica-min\" itemprop=\"image\" height=\"768\" width=\"1366\" title=\"cosme\u0301tica-min\" onerror=\"this.style.display='none'\"  \/>\n\t\t\t\t<\/a>\n\t<h3><a href=\"https:\/\/esteticcaldes.com\/ca\/tractaments\/altres-serveis-productes\/\">Altres serveis \/ productes<\/a><\/h3>\n\t<h3>VEURE TOTS<\/h3>\n\t\t<h3>Descobreix la bellesa que hi ha en tu<\/h3>\t\n<h3>\n\t\tEn qu\u00e8 et podem ajudar?\n\t<\/h3>\n\t<p>Som a Avda. Pi i Margall 40<\/p>\n<p>08140 Caldes de Montbui, Barcelona<\/p>\n\t\t\t<a href=\"tel:+34931889330\" target=\"_self\" rel=\"noopener\">\n\t\t\t\t\t\tReserva cita\n\t\t\t\t\t<\/a>\n\n","protected":false},"excerpt":{"rendered":"<p>Est\u00e8tic Caldes Fotodepilaci\u00f3 | Est\u00e8tica avan\u00e7ada. M\u00e9s de 10 anys cuidant-te. El nostre objectiu A ESTETIC CALDES el nostre objectiu principal \u00e9s aconseguir la satisfacci\u00f3 de les persones que es posen a les nostres mans, tant a trav\u00e9s dels resultats dels tractaments, com mitjan\u00e7ant l&#8217;atenci\u00f3 personalitzada i la dedicaci\u00f3 prestada a cadascun. Tot aix\u00f2 basant-nos&hellip;<\/p>\n","protected":false},"author":1,"featured_media":0,"parent":0,"menu_order":0,"comment_status":"closed","ping_status":"closed","template":"","meta":{"footnotes":""},"class_list":["post-944","page","type-page","status-publish","hentry"],"yoast_head":"<!-- This site is optimized with the Yoast SEO plugin v21.7 - https:\/\/yoast.com\/wordpress\/plugins\/seo\/ -->\n<title>Est\u00e8tic Caldes - Est\u00e8tic Caldes<\/title>\n<meta name=\"robots\" content=\"index, follow, max-snippet:-1, max-image-preview:large, max-video-preview:-1\" \/>\n<link rel=\"canonical\" href=\"https:\/\/esteticcaldes.com\/ca\/\" \/>\n<meta property=\"og:locale\" content=\"ca_ES\" \/>\n<meta property=\"og:type\" content=\"article\" \/>\n<meta property=\"og:title\" content=\"Est\u00e8tic Caldes - Est\u00e8tic Caldes\" \/>\n<meta property=\"og:description\" content=\"Est\u00e8tic Caldes Fotodepilaci\u00f3 | Est\u00e8tica avan\u00e7ada. M\u00e9s de 10 anys cuidant-te. El nostre objectiu A ESTETIC CALDES el nostre objectiu principal \u00e9s aconseguir la satisfacci\u00f3 de les persones que es posen a les nostres mans, tant a trav\u00e9s dels resultats dels tractaments, com mitjan\u00e7ant l&#8217;atenci\u00f3 personalitzada i la dedicaci\u00f3 prestada a cadascun. Tot aix\u00f2 basant-nos&hellip;\" \/>\n<meta property=\"og:url\" content=\"https:\/\/esteticcaldes.com\/ca\/\" \/>\n<meta property=\"og:site_name\" content=\"Est\u00e8tic Caldes\" \/>\n<meta property=\"article:publisher\" content=\"https:\/\/www.facebook.com\/esteticcaldes\/\" \/>\n<meta property=\"article:modified_time\" content=\"2023-12-22T09:38:49+00:00\" \/>\n<meta property=\"og:image\" content=\"https:\/\/esteticcaldes.com\/wp-content\/uploads\/que-ofrecemos-min.png\" \/>\n<meta name=\"twitter:card\" content=\"summary_large_image\" \/>\n<meta name=\"twitter:label1\" content=\"Temps estimat de lectura\" \/>\n\t<meta name=\"twitter:data1\" content=\"1 minut\" \/>\n<script type=\"application\/ld+json\" class=\"yoast-schema-graph\">{\"@context\":\"https:\/\/schema.org\",\"@graph\":[{\"@type\":\"WebPage\",\"@id\":\"https:\/\/esteticcaldes.com\/ca\/\",\"url\":\"https:\/\/esteticcaldes.com\/ca\/\",\"name\":\"Est\u00e8tic Caldes - Est\u00e8tic Caldes\",\"isPartOf\":{\"@id\":\"https:\/\/esteticcaldes.com\/ca\/#website\"},\"datePublished\":\"2023-12-05T16:53:43+00:00\",\"dateModified\":\"2023-12-22T09:38:49+00:00\",\"breadcrumb\":{\"@id\":\"https:\/\/esteticcaldes.com\/ca\/#breadcrumb\"},\"inLanguage\":\"ca\",\"potentialAction\":[{\"@type\":\"ReadAction\",\"target\":[\"https:\/\/esteticcaldes.com\/ca\/\"]}]},{\"@type\":\"BreadcrumbList\",\"@id\":\"https:\/\/esteticcaldes.com\/ca\/#breadcrumb\",\"itemListElement\":[{\"@type\":\"ListItem\",\"position\":1,\"name\":\"Portada\",\"item\":\"https:\/\/esteticcaldes.com\/ca\/\"},{\"@type\":\"ListItem\",\"position\":2,\"name\":\"Est\u00e8tic Caldes\"}]},{\"@type\":\"WebSite\",\"@id\":\"https:\/\/esteticcaldes.com\/ca\/#website\",\"url\":\"https:\/\/esteticcaldes.com\/ca\/\",\"name\":\"Est\u00e8tic Caldes\",\"description\":\"Centro de Fotodepilaci\u00f3n y Est\u00e9tica avanzada\",\"publisher\":{\"@id\":\"https:\/\/esteticcaldes.com\/ca\/#organization\"},\"potentialAction\":[{\"@type\":\"SearchAction\",\"target\":{\"@type\":\"EntryPoint\",\"urlTemplate\":\"https:\/\/esteticcaldes.com\/ca\/?s={search_term_string}\"},\"query-input\":\"required name=search_term_string\"}],\"inLanguage\":\"ca\"},{\"@type\":\"Organization\",\"@id\":\"https:\/\/esteticcaldes.com\/ca\/#organization\",\"name\":\"Est\u00e8tic Caldes\",\"url\":\"https:\/\/esteticcaldes.com\/ca\/\",\"logo\":{\"@type\":\"ImageObject\",\"inLanguage\":\"ca\",\"@id\":\"https:\/\/esteticcaldes.com\/ca\/#\/schema\/logo\/image\/\",\"url\":\"https:\/\/esteticcaldes.com\/wp-content\/uploads\/logo-e1701891861941.jpeg\",\"contentUrl\":\"https:\/\/esteticcaldes.com\/wp-content\/uploads\/logo-e1701891861941.jpeg\",\"width\":400,\"height\":89,\"caption\":\"Est\u00e8tic Caldes\"},\"image\":{\"@id\":\"https:\/\/esteticcaldes.com\/ca\/#\/schema\/logo\/image\/\"},\"sameAs\":[\"https:\/\/www.facebook.com\/esteticcaldes\/\",\"https:\/\/www.instagram.com\/esteticcaldes\/\",\"https:\/\/g.co\/kgs\/HEUEgL\"]}]}<\/script>\n<!-- \/ Yoast SEO plugin. -->","yoast_head_json":{"title":"Est\u00e8tic Caldes - Est\u00e8tic Caldes","robots":{"index":"index","follow":"follow","max-snippet":"max-snippet:-1","max-image-preview":"max-image-preview:large","max-video-preview":"max-video-preview:-1"},"canonical":"https:\/\/esteticcaldes.com\/ca\/","og_locale":"ca_ES","og_type":"article","og_title":"Est\u00e8tic Caldes - Est\u00e8tic Caldes","og_description":"Est\u00e8tic Caldes Fotodepilaci\u00f3 | Est\u00e8tica avan\u00e7ada. M\u00e9s de 10 anys cuidant-te. El nostre objectiu A ESTETIC CALDES el nostre objectiu principal \u00e9s aconseguir la satisfacci\u00f3 de les persones que es posen a les nostres mans, tant a trav\u00e9s dels resultats dels tractaments, com mitjan\u00e7ant l&#8217;atenci\u00f3 personalitzada i la dedicaci\u00f3 prestada a cadascun. Tot aix\u00f2 basant-nos&hellip;","og_url":"https:\/\/esteticcaldes.com\/ca\/","og_site_name":"Est\u00e8tic Caldes","article_publisher":"https:\/\/www.facebook.com\/esteticcaldes\/","article_modified_time":"2023-12-22T09:38:49+00:00","og_image":[{"url":"https:\/\/esteticcaldes.com\/wp-content\/uploads\/que-ofrecemos-min.png"}],"twitter_card":"summary_large_image","twitter_misc":{"Temps estimat de lectura":"1 minut"},"schema":{"@context":"https:\/\/schema.org","@graph":[{"@type":"WebPage","@id":"https:\/\/esteticcaldes.com\/ca\/","url":"https:\/\/esteticcaldes.com\/ca\/","name":"Est\u00e8tic Caldes - Est\u00e8tic Caldes","isPartOf":{"@id":"https:\/\/esteticcaldes.com\/ca\/#website"},"datePublished":"2023-12-05T16:53:43+00:00","dateModified":"2023-12-22T09:38:49+00:00","breadcrumb":{"@id":"https:\/\/esteticcaldes.com\/ca\/#breadcrumb"},"inLanguage":"ca","potentialAction":[{"@type":"ReadAction","target":["https:\/\/esteticcaldes.com\/ca\/"]}]},{"@type":"BreadcrumbList","@id":"https:\/\/esteticcaldes.com\/ca\/#breadcrumb","itemListElement":[{"@type":"ListItem","position":1,"name":"Portada","item":"https:\/\/esteticcaldes.com\/ca\/"},{"@type":"ListItem","position":2,"name":"Est\u00e8tic Caldes"}]},{"@type":"WebSite","@id":"https:\/\/esteticcaldes.com\/ca\/#website","url":"https:\/\/esteticcaldes.com\/ca\/","name":"Est\u00e8tic Caldes","description":"Centro de Fotodepilaci\u00f3n y Est\u00e9tica avanzada","publisher":{"@id":"https:\/\/esteticcaldes.com\/ca\/#organization"},"potentialAction":[{"@type":"SearchAction","target":{"@type":"EntryPoint","urlTemplate":"https:\/\/esteticcaldes.com\/ca\/?s={search_term_string}"},"query-input":"required name=search_term_string"}],"inLanguage":"ca"},{"@type":"Organization","@id":"https:\/\/esteticcaldes.com\/ca\/#organization","name":"Est\u00e8tic Caldes","url":"https:\/\/esteticcaldes.com\/ca\/","logo":{"@type":"ImageObject","inLanguage":"ca","@id":"https:\/\/esteticcaldes.com\/ca\/#\/schema\/logo\/image\/","url":"https:\/\/esteticcaldes.com\/wp-content\/uploads\/logo-e1701891861941.jpeg","contentUrl":"https:\/\/esteticcaldes.com\/wp-content\/uploads\/logo-e1701891861941.jpeg","width":400,"height":89,"caption":"Est\u00e8tic Caldes"},"image":{"@id":"https:\/\/esteticcaldes.com\/ca\/#\/schema\/logo\/image\/"},"sameAs":["https:\/\/www.facebook.com\/esteticcaldes\/","https:\/\/www.instagram.com\/esteticcaldes\/","https:\/\/g.co\/kgs\/HEUEgL"]}]}},"_links":{"self":[{"href":"https:\/\/esteticcaldes.com\/ca\/wp-json\/wp\/v2\/pages\/944","targetHints":{"allow":["GET"]}}],"collection":[{"href":"https:\/\/esteticcaldes.com\/ca\/wp-json\/wp\/v2\/pages"}],"about":[{"href":"https:\/\/esteticcaldes.com\/ca\/wp-json\/wp\/v2\/types\/page"}],"author":[{"embeddable":true,"href":"https:\/\/esteticcaldes.com\/ca\/wp-json\/wp\/v2\/users\/1"}],"replies":[{"embeddable":true,"href":"https:\/\/esteticcaldes.com\/ca\/wp-json\/wp\/v2\/comments?post=944"}],"version-history":[{"count":2,"href":"https:\/\/esteticcaldes.com\/ca\/wp-json\/wp\/v2\/pages\/944\/revisions"}],"predecessor-version":[{"id":990,"href":"https:\/\/esteticcaldes.com\/ca\/wp-json\/wp\/v2\/pages\/944\/revisions\/990"}],"wp:attachment":[{"href":"https:\/\/esteticcaldes.com\/ca\/wp-json\/wp\/v2\/media?parent=944"}],"curies":[{"name":"wp","href":"https:\/\/api.w.org\/{rel}","templated":true}]}}