{"id":942,"date":"2023-12-05T18:45:35","date_gmt":"2023-12-05T17:45:35","guid":{"rendered":"https:\/\/esteticcaldes.com\/contacte\/"},"modified":"2024-06-04T16:45:44","modified_gmt":"2024-06-04T14:45:44","slug":"contacte","status":"publish","type":"page","link":"https:\/\/esteticcaldes.com\/ca\/contacte\/","title":{"rendered":"Contacte"},"content":{"rendered":"\n<h1>\n\t\tContacte\n\t<\/h1>\n<h2>\n\t\tOn som\n\t<\/h2>\n\t<iframe src=\"https:\/\/www.google.com\/maps\/embed\/v1\/place?q=Est%C3%A8tic+Caldes%0AAvda.+Pi+i+Margall+40%0A08140+Caldes+de+Montbui%0ABarcelona&#038;key=AIzaSyD09zQ9PNDNNy9TadMuzRV_UsPUoWKntt8\" aria-hidden=\"true\"><\/iframe>\n\t<h3>Est\u00e8tic Caldes<\/h3>\n<p>Avda. Pi i Margall 40, 08140 Caldes de Montbui, Barcelona<\/p>\n<p><strong><a href=\"tel:+34931889330\">93 188 93 30<\/a><\/strong><\/p>\n<p><strong><a href=\"tel:+34662022323\">662 02 23 23<\/a><\/strong><\/p>\n<p><strong><a href=\"mailto:info@esteticcaldes.com\" target=\"_blank\" rel=\"noopener\">info@esteticcaldes.com<\/a><\/strong><\/p>\n\t<h3>Envia&#8217;ns un missatge<\/h3>\n<h3>\n\t\tEn qu\u00e8 et podem ajudar?\n\t<\/h3>\n\t<p>Som a Avda. Pi i Margall 40<\/p>\n<p>08140 Caldes de Montbui, Barcelona<\/p>\n\t\t\t<a href=\"tel:+34931889330\" target=\"_self\" rel=\"noopener\">\n\t\t\t\t\t\tReserva cita\n\t\t\t\t\t<\/a>\n\n","protected":false},"excerpt":{"rendered":"<p>Contacte On som Est\u00e8tic Caldes Avda. Pi i Margall 40, 08140 Caldes de Montbui, Barcelona 93 188 93 30 662 02 23 23 info@esteticcaldes.com Envia&#8217;ns un missatge En qu\u00e8 et podem ajudar? Som a Avda. Pi i Margall 40 08140 Caldes de Montbui, Barcelona Reserva cita<\/p>\n","protected":false},"author":1,"featured_media":0,"parent":0,"menu_order":0,"comment_status":"closed","ping_status":"closed","template":"","meta":{"footnotes":""},"class_list":["post-942","page","type-page","status-publish","hentry"],"yoast_head":"<!-- This site is optimized with the Yoast SEO plugin v21.7 - https:\/\/yoast.com\/wordpress\/plugins\/seo\/ -->\n<title>Contacte - Est\u00e8tic Caldes<\/title>\n<meta name=\"robots\" content=\"index, follow, max-snippet:-1, max-image-preview:large, max-video-preview:-1\" \/>\n<link rel=\"canonical\" href=\"https:\/\/esteticcaldes.com\/ca\/contacte\/\" \/>\n<meta property=\"og:locale\" content=\"ca_ES\" \/>\n<meta property=\"og:type\" content=\"article\" \/>\n<meta property=\"og:title\" content=\"Contacte - Est\u00e8tic Caldes\" \/>\n<meta property=\"og:description\" content=\"Contacte On som Est\u00e8tic Caldes Avda. Pi i Margall 40, 08140 Caldes de Montbui, Barcelona 93 188 93 30 662 02 23 23 info@esteticcaldes.com Envia&#8217;ns un missatge En qu\u00e8 et podem ajudar? Som a Avda. Pi i Margall 40 08140 Caldes de Montbui, Barcelona Reserva cita\" \/>\n<meta property=\"og:url\" content=\"https:\/\/esteticcaldes.com\/ca\/contacte\/\" \/>\n<meta property=\"og:site_name\" content=\"Est\u00e8tic Caldes\" \/>\n<meta property=\"article:publisher\" content=\"https:\/\/www.facebook.com\/esteticcaldes\/\" \/>\n<meta property=\"article:modified_time\" content=\"2024-06-04T14:45:44+00:00\" \/>\n<meta name=\"twitter:card\" content=\"summary_large_image\" \/>\n<script type=\"application\/ld+json\" class=\"yoast-schema-graph\">{\"@context\":\"https:\/\/schema.org\",\"@graph\":[{\"@type\":\"WebPage\",\"@id\":\"https:\/\/esteticcaldes.com\/ca\/contacte\/\",\"url\":\"https:\/\/esteticcaldes.com\/ca\/contacte\/\",\"name\":\"Contacte - Est\u00e8tic Caldes\",\"isPartOf\":{\"@id\":\"https:\/\/esteticcaldes.com\/ca\/#website\"},\"datePublished\":\"2023-12-05T17:45:35+00:00\",\"dateModified\":\"2024-06-04T14:45:44+00:00\",\"breadcrumb\":{\"@id\":\"https:\/\/esteticcaldes.com\/ca\/contacte\/#breadcrumb\"},\"inLanguage\":\"ca\",\"potentialAction\":[{\"@type\":\"ReadAction\",\"target\":[\"https:\/\/esteticcaldes.com\/ca\/contacte\/\"]}]},{\"@type\":\"BreadcrumbList\",\"@id\":\"https:\/\/esteticcaldes.com\/ca\/contacte\/#breadcrumb\",\"itemListElement\":[{\"@type\":\"ListItem\",\"position\":1,\"name\":\"Portada\",\"item\":\"https:\/\/esteticcaldes.com\/ca\/\"},{\"@type\":\"ListItem\",\"position\":2,\"name\":\"Contacte\"}]},{\"@type\":\"WebSite\",\"@id\":\"https:\/\/esteticcaldes.com\/ca\/#website\",\"url\":\"https:\/\/esteticcaldes.com\/ca\/\",\"name\":\"Est\u00e8tic Caldes\",\"description\":\"Centro de Fotodepilaci\u00f3n y Est\u00e9tica avanzada\",\"publisher\":{\"@id\":\"https:\/\/esteticcaldes.com\/ca\/#organization\"},\"potentialAction\":[{\"@type\":\"SearchAction\",\"target\":{\"@type\":\"EntryPoint\",\"urlTemplate\":\"https:\/\/esteticcaldes.com\/ca\/?s={search_term_string}\"},\"query-input\":\"required name=search_term_string\"}],\"inLanguage\":\"ca\"},{\"@type\":\"Organization\",\"@id\":\"https:\/\/esteticcaldes.com\/ca\/#organization\",\"name\":\"Est\u00e8tic Caldes\",\"url\":\"https:\/\/esteticcaldes.com\/ca\/\",\"logo\":{\"@type\":\"ImageObject\",\"inLanguage\":\"ca\",\"@id\":\"https:\/\/esteticcaldes.com\/ca\/#\/schema\/logo\/image\/\",\"url\":\"https:\/\/esteticcaldes.com\/wp-content\/uploads\/logo-e1701891861941.jpeg\",\"contentUrl\":\"https:\/\/esteticcaldes.com\/wp-content\/uploads\/logo-e1701891861941.jpeg\",\"width\":400,\"height\":89,\"caption\":\"Est\u00e8tic Caldes\"},\"image\":{\"@id\":\"https:\/\/esteticcaldes.com\/ca\/#\/schema\/logo\/image\/\"},\"sameAs\":[\"https:\/\/www.facebook.com\/esteticcaldes\/\",\"https:\/\/www.instagram.com\/esteticcaldes\/\",\"https:\/\/g.co\/kgs\/HEUEgL\"]}]}<\/script>\n<!-- \/ Yoast SEO plugin. -->","yoast_head_json":{"title":"Contacte - Est\u00e8tic Caldes","robots":{"index":"index","follow":"follow","max-snippet":"max-snippet:-1","max-image-preview":"max-image-preview:large","max-video-preview":"max-video-preview:-1"},"canonical":"https:\/\/esteticcaldes.com\/ca\/contacte\/","og_locale":"ca_ES","og_type":"article","og_title":"Contacte - Est\u00e8tic Caldes","og_description":"Contacte On som Est\u00e8tic Caldes Avda. Pi i Margall 40, 08140 Caldes de Montbui, Barcelona 93 188 93 30 662 02 23 23 info@esteticcaldes.com Envia&#8217;ns un missatge En qu\u00e8 et podem ajudar? Som a Avda. Pi i Margall 40 08140 Caldes de Montbui, Barcelona Reserva cita","og_url":"https:\/\/esteticcaldes.com\/ca\/contacte\/","og_site_name":"Est\u00e8tic Caldes","article_publisher":"https:\/\/www.facebook.com\/esteticcaldes\/","article_modified_time":"2024-06-04T14:45:44+00:00","twitter_card":"summary_large_image","schema":{"@context":"https:\/\/schema.org","@graph":[{"@type":"WebPage","@id":"https:\/\/esteticcaldes.com\/ca\/contacte\/","url":"https:\/\/esteticcaldes.com\/ca\/contacte\/","name":"Contacte - Est\u00e8tic Caldes","isPartOf":{"@id":"https:\/\/esteticcaldes.com\/ca\/#website"},"datePublished":"2023-12-05T17:45:35+00:00","dateModified":"2024-06-04T14:45:44+00:00","breadcrumb":{"@id":"https:\/\/esteticcaldes.com\/ca\/contacte\/#breadcrumb"},"inLanguage":"ca","potentialAction":[{"@type":"ReadAction","target":["https:\/\/esteticcaldes.com\/ca\/contacte\/"]}]},{"@type":"BreadcrumbList","@id":"https:\/\/esteticcaldes.com\/ca\/contacte\/#breadcrumb","itemListElement":[{"@type":"ListItem","position":1,"name":"Portada","item":"https:\/\/esteticcaldes.com\/ca\/"},{"@type":"ListItem","position":2,"name":"Contacte"}]},{"@type":"WebSite","@id":"https:\/\/esteticcaldes.com\/ca\/#website","url":"https:\/\/esteticcaldes.com\/ca\/","name":"Est\u00e8tic Caldes","description":"Centro de Fotodepilaci\u00f3n y Est\u00e9tica avanzada","publisher":{"@id":"https:\/\/esteticcaldes.com\/ca\/#organization"},"potentialAction":[{"@type":"SearchAction","target":{"@type":"EntryPoint","urlTemplate":"https:\/\/esteticcaldes.com\/ca\/?s={search_term_string}"},"query-input":"required name=search_term_string"}],"inLanguage":"ca"},{"@type":"Organization","@id":"https:\/\/esteticcaldes.com\/ca\/#organization","name":"Est\u00e8tic Caldes","url":"https:\/\/esteticcaldes.com\/ca\/","logo":{"@type":"ImageObject","inLanguage":"ca","@id":"https:\/\/esteticcaldes.com\/ca\/#\/schema\/logo\/image\/","url":"https:\/\/esteticcaldes.com\/wp-content\/uploads\/logo-e1701891861941.jpeg","contentUrl":"https:\/\/esteticcaldes.com\/wp-content\/uploads\/logo-e1701891861941.jpeg","width":400,"height":89,"caption":"Est\u00e8tic Caldes"},"image":{"@id":"https:\/\/esteticcaldes.com\/ca\/#\/schema\/logo\/image\/"},"sameAs":["https:\/\/www.facebook.com\/esteticcaldes\/","https:\/\/www.instagram.com\/esteticcaldes\/","https:\/\/g.co\/kgs\/HEUEgL"]}]}},"_links":{"self":[{"href":"https:\/\/esteticcaldes.com\/ca\/wp-json\/wp\/v2\/pages\/942","targetHints":{"allow":["GET"]}}],"collection":[{"href":"https:\/\/esteticcaldes.com\/ca\/wp-json\/wp\/v2\/pages"}],"about":[{"href":"https:\/\/esteticcaldes.com\/ca\/wp-json\/wp\/v2\/types\/page"}],"author":[{"embeddable":true,"href":"https:\/\/esteticcaldes.com\/ca\/wp-json\/wp\/v2\/users\/1"}],"replies":[{"embeddable":true,"href":"https:\/\/esteticcaldes.com\/ca\/wp-json\/wp\/v2\/comments?post=942"}],"version-history":[{"count":4,"href":"https:\/\/esteticcaldes.com\/ca\/wp-json\/wp\/v2\/pages\/942\/revisions"}],"predecessor-version":[{"id":1007,"href":"https:\/\/esteticcaldes.com\/ca\/wp-json\/wp\/v2\/pages\/942\/revisions\/1007"}],"wp:attachment":[{"href":"https:\/\/esteticcaldes.com\/ca\/wp-json\/wp\/v2\/media?parent=942"}],"curies":[{"name":"wp","href":"https:\/\/api.w.org\/{rel}","templated":true}]}}