{"id":920,"date":"2023-12-06T18:37:39","date_gmt":"2023-12-06T17:37:39","guid":{"rendered":"https:\/\/esteticcaldes.com\/tractaments\/tractaments-facials\/"},"modified":"2023-12-21T10:32:25","modified_gmt":"2023-12-21T09:32:25","slug":"tractaments-facials","status":"publish","type":"page","link":"https:\/\/esteticcaldes.com\/ca\/tractaments\/tractaments-facials\/","title":{"rendered":"Tractaments facials"},"content":{"rendered":"\n<h1>\n\t\tTractaments facials\n\t<\/h1>\n<h3>\n\t\tFINALITAT DEL TRACTAMENTS FACIALS\n\t<\/h3>\n\t<p>Els tractaments facials tenen com a finalitat millorar la salut i l&#8217;aparen\u00e7a de la pell del rostre, aconseguint mantenir una pell sana i radiant i endarrerint l&#8217;envelliment.<\/p>\n<p>Es recomana fer-los amb certa freq\u00fc\u00e8ncia, depenent de les necessitats de cada persona i de la finalitat i el tipus de tractament indicat.<\/p>\n<h3>\n\t\tBeneficis\n\t<\/h3>\n\t\t\t <p>Retardar l&#8217;aparici\u00f3 d&#8217;arrugues i l\u00ednies d&#8217;expressi\u00f3<\/p>\t\t\n\t\t\t <p>Eliminar impureses i c\u00e8l\u00b7lules mortes de la pell<\/p>\t\t\n\t\t\t <p>Regular l&#8217;acne i reduir les cicatrius<\/p>\t\t\n\t\t\t <p>Eliminar taques i imperfeccions<\/p>\t\t\n\t\t\t <p>Augmentar la lluminositat i vitalitat de la pell<\/p>\t\t\n\t\t\t <p>Hidratar i nodrir la pell, millorant-ne la textura i suavitat<\/p>\t\t\n\t\t\t <p>Estimular la producci\u00f3 de Col\u00b7lagen i Elastina.<\/p>\t\t\n\t\t\t <p>Millorar l&#8217;elasticitat i complexi\u00f3 de la pell<\/p>\t\t\n\t\t\t <p>Reduir l&#8217;aparen\u00e7a de bosses i ulleres<\/p>\t\t\n\t<h2>\n\t\tHIGIENE FACIAL\n\t<\/h2>\n\t<p>Elimina impureses i c\u00e8l\u00b7lules mortes, suavitza i hidrata la pell, regula el PH, augmenta la lluminositat, regula la producci\u00f3 de greix.<\/p>\n<h2>\n\t\tDERMOABRASI\u00d3 AMB PUNTA DE DIAMANT:\n\t<\/h2>\n\t<p>Exfolia en profunditat, regenera la pell i retarda l&#8217;envelliment, disminueix l&#8217;aparici\u00f3 d&#8217;arrugues, redueix l&#8217;aparen\u00e7a de cicatrius, estries i taques, combat l&#8217;obstrucci\u00f3 dels porus, oxigena i revitalitza el teixit, augmenta la circulaci\u00f3 sangu\u00ednia .<\/p>\n<h2>\n\t\tRADIOFREQ\u00dc\u00c8NCIA:\n\t<\/h2>\n\t<p>Corrent Ultras\u00f2nica que genera una calor interna, provocant el rejoveniment i reafirmaci\u00f3 del teixit. Millora l\u00ednies d&#8217;expressi\u00f3 i arrugues, t\u00e9 efecte tensor progressiu, estimula la producci\u00f3 de col\u00b7lagen, il\u00b7lumina la pell i ajuda a combatre problemes com l&#8217;acne, \u00e8czemes o ros\u00e0cia.<\/p>\n<h2>\n\t\tMICRONEEDLING (DERMAPEN)\n\t<\/h2>\n\t<p>Infiltraci\u00f3 de vitamines i cosm\u00e8tica espec\u00edfica mitjan\u00e7ant micropuncions.<\/p>\n<p>Rejoveneix i millora la textura de la pell, redueix l&#8217;aparen\u00e7a d&#8217;arrugues i l\u00ednies d&#8217;expressi\u00f3, estimula la producci\u00f3 de col\u00b7lagen i elastina i redueix l&#8217;aparen\u00e7a dels porus dilatats, taques, cicatrius i marques d&#8217;acne<\/p>\n<h2>\n\t\tOXIGENACI\u00d3\n\t<\/h2>\n\t<p>Hidrata i nodreix profundament la pell perqu\u00e8 llueixi m\u00e9s saludable, llisa, brillant i amb vitalitat. Oxigena, depura, drena i activa la circulaci\u00f3 sangu\u00ednia.<\/p>\n<h2>\n\t\tMESSOTER\u00c0PIA VIRTUAL\n\t<\/h2>\n\t<p>Penetraci\u00f3 de productes amb propietats determinades mitjan\u00e7ant aparells espec\u00edfics.<\/p>\n<p>Revitalitza, regenera i hidrata la pell des de l&#8217;interior, aporta lluminositat, disminueix arrugues, reafirma el teixit, estimula la producci\u00f3 de col\u00b7lagen, activa la circulaci\u00f3<\/p>\n<h2>\n\t\tHIFU (Hight Intensity Focused Ultrasound)\n\t<\/h2>\n\t<p>Ultras\u00f2 focalitzat d&#8217;alta intensitat que produeix un Lifting facial sense cirurgia. Reafirma i tensa la pell, millora l&#8217;elasticitat i la tersura, redueix arrugues i combat els signes de l&#8217;envelliment. Estimula la producci\u00f3 de col\u00b7lagen i elastina per tensar la pell i millorar-ne l&#8217;aspecte.<\/p>\n<h2>\n\t\tBBGLOW\n\t<\/h2>\n\t<p>Aplicaci\u00f3 de cosm\u00e8tica espec\u00edfica mitjan\u00e7ant Nano agulles.<\/p>\n<p>Tractament indolor que restaura el to uniforme de la pell, blanqueja i difumina taques, cicatrius i porus dilatats. Promou la regeneraci\u00f3 cel\u00b7lular, il\u00b7lumina la pell, atenua ulleres i allisa les l\u00ednies d&#8217;expressi\u00f3.<\/p>\n<h2>\n\t\tPEELINGS QU\u00cdMICS (\u00c0CIDS)\n\t<\/h2>\n\t<p>Exfoliaci\u00f3 profunda de la pell. Redueix arrugues, taques i marques d&#8217;acne. Atenua els porus dilatats i regula la secreci\u00f3 seb\u00e0cia. Il\u00b7lumina la pell, combat l&#8217;acne i renova el teixit.<\/p>\n<h2>\n\t\tHOLLYWOOD PEEL\n\t<\/h2>\n\t<p>Tractament de Rejoveniment facial mitjan\u00e7ant un Peeling de carb\u00f3 activat combinat amb l&#8217;energia de la llum L\u00e0ser Q-Switched. Redueix les taques, millora la lluminositat i el to general de la pell. Augmenta l&#8217;elasticitat i la hidrataci\u00f3. Difumina porus. El tractament de les estrelles de Hollywood.<\/p>\n<h2>\n\t\tFOTOTAQUES \/ FOTOREJOVENIMENT\n\t<\/h2>\n\t<p>Tractament mitjan\u00e7ant Llum Polsada Intensa que estimula la producci\u00f3 de col\u00b7lagen, combat els signes de l&#8217;envelliment, redueix taques, arrugues i cicatrius. Millora la textura de la pell, il\u00b7lumina i revitalitza.<\/p>\n<h2>\n\t\tCRIOTER\u00c0PIA\n\t<\/h2>\n\t<p>Eliminaci\u00f3 de taques i lesions cut\u00e0nies benignes a diferents parts del cos mitjan\u00e7ant l&#8217;aplicaci\u00f3 de fred controlat.<\/p>\n<h2>\n\t\tFILS TENSORS L\u00cdQUIDS SENSE AGULLES\n\t<\/h2>\n\t<p>Tractament est\u00e8tic que ajuda a reduir arrugues i flaccidesa sense dolor, sense agulles ni cirurgia. Exfolia, rejoveneix, hidrata, nodreix, regenera, reafirma i torna la vitalitat a la pell.<\/p>\n<h2>\n\t\tFOTOTER\u00c0PIA LED\n\t<\/h2>\n\t<p>Ajuda al rejoveniment cel\u00b7lular mitjan\u00e7ant llums de diferents colors i longituds d&#8217;ona. Afavoreix la producci\u00f3 de col\u00b7lagen i millora l&#8217;aparen\u00e7a de l\u00ednies fines i arrugues. Ajuda al tractament de reducci\u00f3 de taques i acne.<\/p>\n<h2>\n\t\tM\u00c0SCARA D&#8217;OR I COL\u00b7LAGEN\n\t<\/h2>\n\t<p>Tractament que hidrata, tonifica i rejoveneix. Estimula la circulaci\u00f3 sangu\u00ednia i revitalitza la pell. Augmenta la producci\u00f3 de col\u00b7lagen i estimula la renovaci\u00f3 cel\u00b7lular. Elimina c\u00e8l\u00b7lules mortes i exfolia en profunditat. Aporta propietats antioxidants<\/p>\n<h2>\n\t\tPLASMA FIBROBLAST\n\t<\/h2>\n\t<p>Tractament per eliminar l&#8217;exc\u00e9s de pell i augmentar la producci\u00f3 de col\u00b7lagen. Ajuda a eliminar taques, lunars, berrugues, aix\u00ed com les l\u00ednies d&#8217;expressi\u00f3 i arrugues. Redueix la mida de les estries i les marques d&#8217;acne. Produeix una retracci\u00f3 de la pell i un efecte l\u00edfting, cosa que proporciona una pell m\u00e9s llisa.<\/p>\n<h2>\n\t\tEn qu\u00e8 et podem ajudar?\n\t<\/h2>\n\t<p>Som a Avda. Pi i Margall 40<\/p>\n<p>08140 Caldes de Montbui, Barcelona<\/p>\n\t\t\t<a href=\"tel:+34931889330\" target=\"_self\" rel=\"noopener\">\n\t\t\t\t\t\tReserva cita\n\t\t\t\t\t<\/a>\n\n","protected":false},"excerpt":{"rendered":"<p>Tractaments facials FINALITAT DEL TRACTAMENTS FACIALS Els tractaments facials tenen com a finalitat millorar la salut i l&#8217;aparen\u00e7a de la pell del rostre, aconseguint mantenir una pell sana i radiant i endarrerint l&#8217;envelliment. Es recomana fer-los amb certa freq\u00fc\u00e8ncia, depenent de les necessitats de cada persona i de la finalitat i el tipus de tractament&hellip;<\/p>\n","protected":false},"author":1,"featured_media":0,"parent":915,"menu_order":1,"comment_status":"closed","ping_status":"closed","template":"","meta":{"footnotes":""},"class_list":["post-920","page","type-page","status-publish","hentry"],"yoast_head":"<!-- This site is optimized with the Yoast SEO plugin v21.7 - https:\/\/yoast.com\/wordpress\/plugins\/seo\/ -->\n<title>Tractaments facials - Est\u00e8tic Caldes<\/title>\n<meta name=\"robots\" content=\"index, follow, max-snippet:-1, max-image-preview:large, max-video-preview:-1\" \/>\n<link rel=\"canonical\" href=\"https:\/\/esteticcaldes.com\/ca\/tractaments\/tractaments-facials\/\" \/>\n<meta property=\"og:locale\" content=\"ca_ES\" \/>\n<meta property=\"og:type\" content=\"article\" \/>\n<meta property=\"og:title\" content=\"Tractaments facials - Est\u00e8tic Caldes\" \/>\n<meta property=\"og:description\" content=\"Tractaments facials FINALITAT DEL TRACTAMENTS FACIALS Els tractaments facials tenen com a finalitat millorar la salut i l&#8217;aparen\u00e7a de la pell del rostre, aconseguint mantenir una pell sana i radiant i endarrerint l&#8217;envelliment. Es recomana fer-los amb certa freq\u00fc\u00e8ncia, depenent de les necessitats de cada persona i de la finalitat i el tipus de tractament&hellip;\" \/>\n<meta property=\"og:url\" content=\"https:\/\/esteticcaldes.com\/ca\/tractaments\/tractaments-facials\/\" \/>\n<meta property=\"og:site_name\" content=\"Est\u00e8tic Caldes\" \/>\n<meta property=\"article:publisher\" content=\"https:\/\/www.facebook.com\/esteticcaldes\/\" \/>\n<meta property=\"article:modified_time\" content=\"2023-12-21T09:32:25+00:00\" \/>\n<meta name=\"twitter:card\" content=\"summary_large_image\" \/>\n<meta name=\"twitter:label1\" content=\"Temps estimat de lectura\" \/>\n\t<meta name=\"twitter:data1\" content=\"4 minuts\" \/>\n<script type=\"application\/ld+json\" class=\"yoast-schema-graph\">{\"@context\":\"https:\/\/schema.org\",\"@graph\":[{\"@type\":\"WebPage\",\"@id\":\"https:\/\/esteticcaldes.com\/ca\/tractaments\/tractaments-facials\/\",\"url\":\"https:\/\/esteticcaldes.com\/ca\/tractaments\/tractaments-facials\/\",\"name\":\"Tractaments facials - Est\u00e8tic Caldes\",\"isPartOf\":{\"@id\":\"https:\/\/esteticcaldes.com\/ca\/#website\"},\"datePublished\":\"2023-12-06T17:37:39+00:00\",\"dateModified\":\"2023-12-21T09:32:25+00:00\",\"breadcrumb\":{\"@id\":\"https:\/\/esteticcaldes.com\/ca\/tractaments\/tractaments-facials\/#breadcrumb\"},\"inLanguage\":\"ca\",\"potentialAction\":[{\"@type\":\"ReadAction\",\"target\":[\"https:\/\/esteticcaldes.com\/ca\/tractaments\/tractaments-facials\/\"]}]},{\"@type\":\"BreadcrumbList\",\"@id\":\"https:\/\/esteticcaldes.com\/ca\/tractaments\/tractaments-facials\/#breadcrumb\",\"itemListElement\":[{\"@type\":\"ListItem\",\"position\":1,\"name\":\"Portada\",\"item\":\"https:\/\/esteticcaldes.com\/ca\/\"},{\"@type\":\"ListItem\",\"position\":2,\"name\":\"Tractaments\",\"item\":\"https:\/\/esteticcaldes.com\/ca\/tractaments\/\"},{\"@type\":\"ListItem\",\"position\":3,\"name\":\"Tractaments facials\"}]},{\"@type\":\"WebSite\",\"@id\":\"https:\/\/esteticcaldes.com\/ca\/#website\",\"url\":\"https:\/\/esteticcaldes.com\/ca\/\",\"name\":\"Est\u00e8tic Caldes\",\"description\":\"Centro de Fotodepilaci\u00f3n y Est\u00e9tica avanzada\",\"publisher\":{\"@id\":\"https:\/\/esteticcaldes.com\/ca\/#organization\"},\"potentialAction\":[{\"@type\":\"SearchAction\",\"target\":{\"@type\":\"EntryPoint\",\"urlTemplate\":\"https:\/\/esteticcaldes.com\/ca\/?s={search_term_string}\"},\"query-input\":\"required name=search_term_string\"}],\"inLanguage\":\"ca\"},{\"@type\":\"Organization\",\"@id\":\"https:\/\/esteticcaldes.com\/ca\/#organization\",\"name\":\"Est\u00e8tic Caldes\",\"url\":\"https:\/\/esteticcaldes.com\/ca\/\",\"logo\":{\"@type\":\"ImageObject\",\"inLanguage\":\"ca\",\"@id\":\"https:\/\/esteticcaldes.com\/ca\/#\/schema\/logo\/image\/\",\"url\":\"https:\/\/esteticcaldes.com\/wp-content\/uploads\/logo-e1701891861941.jpeg\",\"contentUrl\":\"https:\/\/esteticcaldes.com\/wp-content\/uploads\/logo-e1701891861941.jpeg\",\"width\":400,\"height\":89,\"caption\":\"Est\u00e8tic Caldes\"},\"image\":{\"@id\":\"https:\/\/esteticcaldes.com\/ca\/#\/schema\/logo\/image\/\"},\"sameAs\":[\"https:\/\/www.facebook.com\/esteticcaldes\/\",\"https:\/\/www.instagram.com\/esteticcaldes\/\",\"https:\/\/g.co\/kgs\/HEUEgL\"]}]}<\/script>\n<!-- \/ Yoast SEO plugin. -->","yoast_head_json":{"title":"Tractaments facials - Est\u00e8tic Caldes","robots":{"index":"index","follow":"follow","max-snippet":"max-snippet:-1","max-image-preview":"max-image-preview:large","max-video-preview":"max-video-preview:-1"},"canonical":"https:\/\/esteticcaldes.com\/ca\/tractaments\/tractaments-facials\/","og_locale":"ca_ES","og_type":"article","og_title":"Tractaments facials - Est\u00e8tic Caldes","og_description":"Tractaments facials FINALITAT DEL TRACTAMENTS FACIALS Els tractaments facials tenen com a finalitat millorar la salut i l&#8217;aparen\u00e7a de la pell del rostre, aconseguint mantenir una pell sana i radiant i endarrerint l&#8217;envelliment. Es recomana fer-los amb certa freq\u00fc\u00e8ncia, depenent de les necessitats de cada persona i de la finalitat i el tipus de tractament&hellip;","og_url":"https:\/\/esteticcaldes.com\/ca\/tractaments\/tractaments-facials\/","og_site_name":"Est\u00e8tic Caldes","article_publisher":"https:\/\/www.facebook.com\/esteticcaldes\/","article_modified_time":"2023-12-21T09:32:25+00:00","twitter_card":"summary_large_image","twitter_misc":{"Temps estimat de lectura":"4 minuts"},"schema":{"@context":"https:\/\/schema.org","@graph":[{"@type":"WebPage","@id":"https:\/\/esteticcaldes.com\/ca\/tractaments\/tractaments-facials\/","url":"https:\/\/esteticcaldes.com\/ca\/tractaments\/tractaments-facials\/","name":"Tractaments facials - Est\u00e8tic Caldes","isPartOf":{"@id":"https:\/\/esteticcaldes.com\/ca\/#website"},"datePublished":"2023-12-06T17:37:39+00:00","dateModified":"2023-12-21T09:32:25+00:00","breadcrumb":{"@id":"https:\/\/esteticcaldes.com\/ca\/tractaments\/tractaments-facials\/#breadcrumb"},"inLanguage":"ca","potentialAction":[{"@type":"ReadAction","target":["https:\/\/esteticcaldes.com\/ca\/tractaments\/tractaments-facials\/"]}]},{"@type":"BreadcrumbList","@id":"https:\/\/esteticcaldes.com\/ca\/tractaments\/tractaments-facials\/#breadcrumb","itemListElement":[{"@type":"ListItem","position":1,"name":"Portada","item":"https:\/\/esteticcaldes.com\/ca\/"},{"@type":"ListItem","position":2,"name":"Tractaments","item":"https:\/\/esteticcaldes.com\/ca\/tractaments\/"},{"@type":"ListItem","position":3,"name":"Tractaments facials"}]},{"@type":"WebSite","@id":"https:\/\/esteticcaldes.com\/ca\/#website","url":"https:\/\/esteticcaldes.com\/ca\/","name":"Est\u00e8tic Caldes","description":"Centro de Fotodepilaci\u00f3n y Est\u00e9tica avanzada","publisher":{"@id":"https:\/\/esteticcaldes.com\/ca\/#organization"},"potentialAction":[{"@type":"SearchAction","target":{"@type":"EntryPoint","urlTemplate":"https:\/\/esteticcaldes.com\/ca\/?s={search_term_string}"},"query-input":"required name=search_term_string"}],"inLanguage":"ca"},{"@type":"Organization","@id":"https:\/\/esteticcaldes.com\/ca\/#organization","name":"Est\u00e8tic Caldes","url":"https:\/\/esteticcaldes.com\/ca\/","logo":{"@type":"ImageObject","inLanguage":"ca","@id":"https:\/\/esteticcaldes.com\/ca\/#\/schema\/logo\/image\/","url":"https:\/\/esteticcaldes.com\/wp-content\/uploads\/logo-e1701891861941.jpeg","contentUrl":"https:\/\/esteticcaldes.com\/wp-content\/uploads\/logo-e1701891861941.jpeg","width":400,"height":89,"caption":"Est\u00e8tic Caldes"},"image":{"@id":"https:\/\/esteticcaldes.com\/ca\/#\/schema\/logo\/image\/"},"sameAs":["https:\/\/www.facebook.com\/esteticcaldes\/","https:\/\/www.instagram.com\/esteticcaldes\/","https:\/\/g.co\/kgs\/HEUEgL"]}]}},"_links":{"self":[{"href":"https:\/\/esteticcaldes.com\/ca\/wp-json\/wp\/v2\/pages\/920","targetHints":{"allow":["GET"]}}],"collection":[{"href":"https:\/\/esteticcaldes.com\/ca\/wp-json\/wp\/v2\/pages"}],"about":[{"href":"https:\/\/esteticcaldes.com\/ca\/wp-json\/wp\/v2\/types\/page"}],"author":[{"embeddable":true,"href":"https:\/\/esteticcaldes.com\/ca\/wp-json\/wp\/v2\/users\/1"}],"replies":[{"embeddable":true,"href":"https:\/\/esteticcaldes.com\/ca\/wp-json\/wp\/v2\/comments?post=920"}],"version-history":[{"count":1,"href":"https:\/\/esteticcaldes.com\/ca\/wp-json\/wp\/v2\/pages\/920\/revisions"}],"predecessor-version":[{"id":951,"href":"https:\/\/esteticcaldes.com\/ca\/wp-json\/wp\/v2\/pages\/920\/revisions\/951"}],"up":[{"embeddable":true,"href":"https:\/\/esteticcaldes.com\/ca\/wp-json\/wp\/v2\/pages\/915"}],"wp:attachment":[{"href":"https:\/\/esteticcaldes.com\/ca\/wp-json\/wp\/v2\/media?parent=920"}],"curies":[{"name":"wp","href":"https:\/\/api.w.org\/{rel}","templated":true}]}}