{"id":915,"date":"2023-12-05T18:44:54","date_gmt":"2023-12-05T17:44:54","guid":{"rendered":"https:\/\/esteticcaldes.com\/tractaments\/"},"modified":"2023-12-21T10:16:17","modified_gmt":"2023-12-21T09:16:17","slug":"tractaments","status":"publish","type":"page","link":"https:\/\/esteticcaldes.com\/ca\/tractaments\/","title":{"rendered":"Tractaments"},"content":{"rendered":"\n<h1>\n\t\tTractaments\n\t<\/h1>\n<h2>\n\t\tEls nostres serveis\n\t<\/h2>\n<img width=\"1366\" height=\"768\" src=\"https:\/\/esteticcaldes.com\/wp-content\/uploads\/depilacion-laser-min.png\" alt=\"\" decoding=\"async\" loading=\"lazy\" srcset=\"https:\/\/esteticcaldes.com\/wp-content\/uploads\/depilacion-laser-min.png 1366w, https:\/\/esteticcaldes.com\/wp-content\/uploads\/depilacion-laser-min-300x169.png 300w, https:\/\/esteticcaldes.com\/wp-content\/uploads\/depilacion-laser-min-1024x576.png 1024w, https:\/\/esteticcaldes.com\/wp-content\/uploads\/depilacion-laser-min-768x432.png 768w\" sizes=\"auto, (max-width: 1366px) 100vw, 1366px\" \/><!-- .labb-service-text --><!-- .labb-service --><!-- .labb-service-wrapper --><!-- .labb-services --><h2>\n\t\t<a href=\"https:\/\/esteticcaldes.com\/ca\/tractaments\/laser\/\" title=\"L\u00c0SER\" target=\"_self\" rel=\"noopener\">\n\t\tL\u00c0SER\n\t\t<\/a>\n\t<\/h2>\n\t<p><a href=\"https:\/\/esteticcaldes.com\/ca\/tractaments\/laser\/\">T\u00e8cnica que permet l&#8217;eliminaci\u00f3 progressiva del p\u00e8l de pr\u00e0cticament qualsevol zona del cos.<\/a><\/p>\n<img width=\"1366\" height=\"768\" src=\"https:\/\/esteticcaldes.com\/wp-content\/uploads\/tratamientos-faciales-03-min.png\" alt=\"\" decoding=\"async\" loading=\"lazy\" srcset=\"https:\/\/esteticcaldes.com\/wp-content\/uploads\/tratamientos-faciales-03-min.png 1366w, https:\/\/esteticcaldes.com\/wp-content\/uploads\/tratamientos-faciales-03-min-300x169.png 300w, https:\/\/esteticcaldes.com\/wp-content\/uploads\/tratamientos-faciales-03-min-1024x576.png 1024w, https:\/\/esteticcaldes.com\/wp-content\/uploads\/tratamientos-faciales-03-min-768x432.png 768w\" sizes=\"auto, (max-width: 1366px) 100vw, 1366px\" \/><!-- .labb-service-text --><!-- .labb-service --><!-- .labb-service-wrapper --><!-- .labb-services --><h2>\n\t\t<a href=\"https:\/\/esteticcaldes.com\/ca\/tractaments\/tractaments-facials\/\" title=\"TRACTAMENTS FACIALS\" target=\"_self\" rel=\"noopener\">\n\t\tTRACTAMENTS FACIALS\n\t\t<\/a>\n\t<\/h2>\n\t<p><a href=\"https:\/\/esteticcaldes.com\/ca\/tractaments\/tractaments-facials\/\">Millorar la salut i l&#8217;aparen\u00e7a de la pell del rostre, aconseguint mantenir una pell sana i radiant i endarrerint l&#8217;envelliment.<\/a><\/p>\n<img width=\"1366\" height=\"768\" src=\"https:\/\/esteticcaldes.com\/wp-content\/uploads\/tratamientos-corporales-01-min.png\" alt=\"\" decoding=\"async\" loading=\"lazy\" srcset=\"https:\/\/esteticcaldes.com\/wp-content\/uploads\/tratamientos-corporales-01-min.png 1366w, https:\/\/esteticcaldes.com\/wp-content\/uploads\/tratamientos-corporales-01-min-300x169.png 300w, https:\/\/esteticcaldes.com\/wp-content\/uploads\/tratamientos-corporales-01-min-1024x576.png 1024w, https:\/\/esteticcaldes.com\/wp-content\/uploads\/tratamientos-corporales-01-min-768x432.png 768w\" sizes=\"auto, (max-width: 1366px) 100vw, 1366px\" \/><!-- .labb-service-text --><!-- .labb-service --><!-- .labb-service-wrapper --><!-- .labb-services --><h2>\n\t\t<a href=\"https:\/\/esteticcaldes.com\/ca\/tractaments\/tractaments-corporals\/\" title=\"TRACTAMENTS CORPORALS\" target=\"_self\" rel=\"noopener\">\n\t\tTRACTAMENTS CORPORALS\n\t\t<\/a>\n\t<\/h2>\n\t<p><a href=\"https:\/\/esteticcaldes.com\/ca\/tractaments\/tractaments-corporals\/\">Procediments que es fan amb diferents t\u00e8cniques i tecnologies per oferir una soluci\u00f3 efica\u00e7 a les patologies<\/a><\/p>\n<img width=\"1366\" height=\"768\" src=\"https:\/\/esteticcaldes.com\/wp-content\/uploads\/masajes.03-min.png\" alt=\"\" decoding=\"async\" loading=\"lazy\" srcset=\"https:\/\/esteticcaldes.com\/wp-content\/uploads\/masajes.03-min.png 1366w, https:\/\/esteticcaldes.com\/wp-content\/uploads\/masajes.03-min-300x169.png 300w, https:\/\/esteticcaldes.com\/wp-content\/uploads\/masajes.03-min-1024x576.png 1024w, https:\/\/esteticcaldes.com\/wp-content\/uploads\/masajes.03-min-768x432.png 768w\" sizes=\"auto, (max-width: 1366px) 100vw, 1366px\" \/><!-- .labb-service-text --><!-- .labb-service --><!-- .labb-service-wrapper --><!-- .labb-services --><h2>\n\t\t<a href=\"https:\/\/esteticcaldes.com\/ca\/tractaments\/massatges\/\" title=\"MASSATGES\" target=\"_self\" rel=\"noopener\">\n\t\tMASSATGES\n\t\t<\/a>\n\t<\/h2>\n\t<p><a href=\"https:\/\/esteticcaldes.com\/ca\/tractaments\/massatges\/\">Tenen m\u00faltiples beneficis per a la salut, tant la f\u00edsica com la salut mental. Millora la circulaci\u00f3 sangu\u00ednia, augmenta l&#8217;energia i refor\u00e7a el sistema immune.<\/a><\/p>\n<img width=\"1366\" height=\"768\" src=\"https:\/\/esteticcaldes.com\/wp-content\/uploads\/pestanas-cejas-05-min.png\" alt=\"\" decoding=\"async\" loading=\"lazy\" srcset=\"https:\/\/esteticcaldes.com\/wp-content\/uploads\/pestanas-cejas-05-min.png 1366w, https:\/\/esteticcaldes.com\/wp-content\/uploads\/pestanas-cejas-05-min-300x169.png 300w, https:\/\/esteticcaldes.com\/wp-content\/uploads\/pestanas-cejas-05-min-1024x576.png 1024w, https:\/\/esteticcaldes.com\/wp-content\/uploads\/pestanas-cejas-05-min-768x432.png 768w\" sizes=\"auto, (max-width: 1366px) 100vw, 1366px\" \/><!-- .labb-service-text --><!-- .labb-service --><!-- .labb-service-wrapper --><!-- .labb-services --><h2>\n\t\t<a href=\"https:\/\/esteticcaldes.com\/ca\/tractaments\/bellesa-de-pestanyes-i-celles\/\" title=\"Bellesa de pestanyes i celles\" target=\"_self\" rel=\"noopener\">\n\t\tBellesa de pestanyes i celles\n\t\t<\/a>\n\t<\/h2>\n\t<p><a href=\"https:\/\/esteticcaldes.com\/ca\/tractaments\/bellesa-de-pestanyes-i-celles\/\">Hi ha diverses t\u00e8cniques per embellir-les i aconseguir que llueixin m\u00e9s espesses, llargues i seductores.<\/a><\/p>\n<img width=\"1366\" height=\"768\" src=\"https:\/\/esteticcaldes.com\/wp-content\/uploads\/belleza-manos-pies-04-min.png\" alt=\"\" decoding=\"async\" loading=\"lazy\" srcset=\"https:\/\/esteticcaldes.com\/wp-content\/uploads\/belleza-manos-pies-04-min.png 1366w, https:\/\/esteticcaldes.com\/wp-content\/uploads\/belleza-manos-pies-04-min-300x169.png 300w, https:\/\/esteticcaldes.com\/wp-content\/uploads\/belleza-manos-pies-04-min-1024x576.png 1024w, https:\/\/esteticcaldes.com\/wp-content\/uploads\/belleza-manos-pies-04-min-768x432.png 768w\" sizes=\"auto, (max-width: 1366px) 100vw, 1366px\" \/><!-- .labb-service-text --><!-- .labb-service --><!-- .labb-service-wrapper --><!-- .labb-services --><h2>\n\t\t<a href=\"https:\/\/esteticcaldes.com\/ca\/tractaments\/bellesa-de-mans-i-peus\/\" title=\"Bellesa de mans i peus\" target=\"_self\" rel=\"noopener\">\n\t\tBellesa de mans i peus\n\t\t<\/a>\n\t<\/h2>\n\t<p><a href=\"https:\/\/esteticcaldes.com\/ca\/tractaments\/bellesa-de-mans-i-peus\/\">Lluir unes mans i peus bonics \u00e9s essencial avui dia per sentir-nos millor i donar una bona imatge de nosaltres mateixo.<\/a><\/p>\n<img width=\"1366\" height=\"768\" src=\"https:\/\/esteticcaldes.com\/wp-content\/uploads\/micropigmentacion-5-min.png\" alt=\"\" decoding=\"async\" loading=\"lazy\" srcset=\"https:\/\/esteticcaldes.com\/wp-content\/uploads\/micropigmentacion-5-min.png 1366w, https:\/\/esteticcaldes.com\/wp-content\/uploads\/micropigmentacion-5-min-300x169.png 300w, https:\/\/esteticcaldes.com\/wp-content\/uploads\/micropigmentacion-5-min-1024x576.png 1024w, https:\/\/esteticcaldes.com\/wp-content\/uploads\/micropigmentacion-5-min-768x432.png 768w\" sizes=\"auto, (max-width: 1366px) 100vw, 1366px\" \/><!-- .labb-service-text --><!-- .labb-service --><!-- .labb-service-wrapper --><!-- .labb-services --><h2>\n\t\t<a href=\"https:\/\/esteticcaldes.com\/ca\/tractaments\/micropigmentacio-estetica-i-oncologica\/\" title=\"Micropigmentaci\u00f3\" target=\"_self\" rel=\"noopener\">\n\t\tMicropigmentaci\u00f3\n\t\t<\/a>\n\t<\/h2>\n\t<p><a href=\"https:\/\/esteticcaldes.com\/ca\/tractaments\/micropigmentacio-estetica-i-oncologica\/\">T\u00e8cnica est\u00e8tica que consisteix en la implantaci\u00f3 de pigments espec\u00edfics a la pell per donar color i forma a certes parts del cos<\/a><\/p>\n<img width=\"1366\" height=\"768\" src=\"https:\/\/esteticcaldes.com\/wp-content\/uploads\/blanqueamiento-dental-1-min.png\" alt=\"\" decoding=\"async\" loading=\"lazy\" srcset=\"https:\/\/esteticcaldes.com\/wp-content\/uploads\/blanqueamiento-dental-1-min.png 1366w, https:\/\/esteticcaldes.com\/wp-content\/uploads\/blanqueamiento-dental-1-min-300x169.png 300w, https:\/\/esteticcaldes.com\/wp-content\/uploads\/blanqueamiento-dental-1-min-1024x576.png 1024w, https:\/\/esteticcaldes.com\/wp-content\/uploads\/blanqueamiento-dental-1-min-768x432.png 768w\" sizes=\"auto, (max-width: 1366px) 100vw, 1366px\" \/><!-- .labb-service-text --><!-- .labb-service --><!-- .labb-service-wrapper --><!-- .labb-services --><h2>\n\t\t<a href=\"https:\/\/esteticcaldes.com\/tratamientos\/blanqueamiento-dental\/\" title=\"BLANQUEJAMENT DENTAL\" target=\"_self\" rel=\"noopener\">\n\t\tBLANQUEJAMENT DENTAL\n\t\t<\/a>\n\t<\/h2>\n\t<p><a href=\"https:\/\/esteticcaldes.com\/tratamientos\/blanqueamiento-dental\/\">Tractament est\u00e8tic no invasiu que millora l&#8217;aparen\u00e7a de les dents, aclarint-les i deixant-les m\u00e9s blanques<\/a><\/p>\n<img width=\"1366\" height=\"768\" src=\"https:\/\/esteticcaldes.com\/wp-content\/uploads\/rayos-uva-4-min.png\" alt=\"\" decoding=\"async\" loading=\"lazy\" srcset=\"https:\/\/esteticcaldes.com\/wp-content\/uploads\/rayos-uva-4-min.png 1366w, https:\/\/esteticcaldes.com\/wp-content\/uploads\/rayos-uva-4-min-300x169.png 300w, https:\/\/esteticcaldes.com\/wp-content\/uploads\/rayos-uva-4-min-1024x576.png 1024w, https:\/\/esteticcaldes.com\/wp-content\/uploads\/rayos-uva-4-min-768x432.png 768w\" sizes=\"auto, (max-width: 1366px) 100vw, 1366px\" \/><!-- .labb-service-text --><!-- .labb-service --><!-- .labb-service-wrapper --><!-- .labb-services --><h2>\n\t\t<a href=\"https:\/\/esteticcaldes.com\/ca\/tractaments\/raigs-uva\/\" title=\"RAIGS UVA\" target=\"_self\" rel=\"noopener\">\n\t\tRAIGS UVA\n\t\t<\/a>\n\t<\/h2>\n\t<p><a href=\"https:\/\/esteticcaldes.com\/ca\/tractaments\/raigs-uva\/\">Aconsegueix un bronzejat uniforme, segur i bonic durant tot l&#8217;any a la nostra cabina de Raigs UVA.<\/a><\/p>\n<img width=\"1366\" height=\"768\" src=\"https:\/\/esteticcaldes.com\/wp-content\/uploads\/tratamientos-spa-4-min.png\" alt=\"\" decoding=\"async\" loading=\"lazy\" srcset=\"https:\/\/esteticcaldes.com\/wp-content\/uploads\/tratamientos-spa-4-min.png 1366w, https:\/\/esteticcaldes.com\/wp-content\/uploads\/tratamientos-spa-4-min-300x169.png 300w, https:\/\/esteticcaldes.com\/wp-content\/uploads\/tratamientos-spa-4-min-1024x576.png 1024w, https:\/\/esteticcaldes.com\/wp-content\/uploads\/tratamientos-spa-4-min-768x432.png 768w\" sizes=\"auto, (max-width: 1366px) 100vw, 1366px\" \/><!-- .labb-service-text --><!-- .labb-service --><!-- .labb-service-wrapper --><!-- .labb-services --><h2>\n\t\t<a href=\"https:\/\/esteticcaldes.com\/ca\/tractaments\/tractaments-spa\/\" title=\"TRACTAMENTS SPA\" target=\"_self\" rel=\"noopener\">\n\t\tTRACTAMENTS SPA\n\t\t<\/a>\n\t<\/h2>\n\t<p><a href=\"https:\/\/esteticcaldes.com\/ca\/tractaments\/tractaments-spa\/\">Avui en dia no tenim temps per relaxar-nos, parar i desconnectar , i aix\u00f2 \u00e9s essencial per a la nostra salut f\u00edsica i emocional.<\/a><\/p>\n<img width=\"1366\" height=\"768\" src=\"https:\/\/esteticcaldes.com\/wp-content\/uploads\/cosmetica-min.png\" alt=\"\" decoding=\"async\" loading=\"lazy\" srcset=\"https:\/\/esteticcaldes.com\/wp-content\/uploads\/cosmetica-min.png 1366w, https:\/\/esteticcaldes.com\/wp-content\/uploads\/cosmetica-min-300x169.png 300w, https:\/\/esteticcaldes.com\/wp-content\/uploads\/cosmetica-min-1024x576.png 1024w, https:\/\/esteticcaldes.com\/wp-content\/uploads\/cosmetica-min-768x432.png 768w\" sizes=\"auto, (max-width: 1366px) 100vw, 1366px\" \/><!-- .labb-service-text --><!-- .labb-service --><!-- .labb-service-wrapper --><!-- .labb-services --><h2>\n\t\t<a href=\"https:\/\/esteticcaldes.com\/tratamientos\/otros-servicios\/\" title=\"ALTRES SERVEIS\/PRODUCTES\" target=\"_self\" rel=\"noopener\">\n\t\tALTRES SERVEIS\/PRODUCTES\n\t\t<\/a>\n\t<\/h2>\n\t<p><a href=\"https:\/\/esteticcaldes.com\/tratamientos\/otros-servicios\/\">Depilaci\u00f3 a la cera, cosm\u00e8tica, perfums equivalents, complements vitam\u00ednics<\/a><\/p>\n<h3>\n\t\tEn qu\u00e8 et podem ajudar?\n\t<\/h3>\n\t<p>Som a Avda. Pi i Margall 40<\/p>\n<p>08140 Caldes de Montbui, Barcelona<\/p>\n\t\t\t<a href=\"tel:+34931889330\" target=\"_self\" rel=\"noopener\">\n\t\t\t\t\t\tReserva cita\n\t\t\t\t\t<\/a>\n\n","protected":false},"excerpt":{"rendered":"<p>Tractaments Els nostres serveis L\u00c0SER T\u00e8cnica que permet l&#8217;eliminaci\u00f3 progressiva del p\u00e8l de pr\u00e0cticament qualsevol zona del cos. TRACTAMENTS FACIALS Millorar la salut i l&#8217;aparen\u00e7a de la pell del rostre, aconseguint mantenir una pell sana i radiant i endarrerint l&#8217;envelliment. TRACTAMENTS CORPORALS Procediments que es fan amb diferents t\u00e8cniques i tecnologies per oferir una soluci\u00f3&hellip;<\/p>\n","protected":false},"author":1,"featured_media":0,"parent":0,"menu_order":0,"comment_status":"closed","ping_status":"closed","template":"","meta":{"footnotes":""},"class_list":["post-915","page","type-page","status-publish","hentry"],"yoast_head":"<!-- This site is optimized with the Yoast SEO plugin v21.7 - https:\/\/yoast.com\/wordpress\/plugins\/seo\/ -->\n<title>Tractaments - Est\u00e8tic Caldes<\/title>\n<meta name=\"robots\" content=\"index, follow, max-snippet:-1, max-image-preview:large, max-video-preview:-1\" \/>\n<link rel=\"canonical\" href=\"https:\/\/esteticcaldes.com\/ca\/tractaments\/\" \/>\n<meta property=\"og:locale\" content=\"ca_ES\" \/>\n<meta property=\"og:type\" content=\"article\" \/>\n<meta property=\"og:title\" content=\"Tractaments - Est\u00e8tic Caldes\" \/>\n<meta property=\"og:description\" content=\"Tractaments Els nostres serveis L\u00c0SER T\u00e8cnica que permet l&#8217;eliminaci\u00f3 progressiva del p\u00e8l de pr\u00e0cticament qualsevol zona del cos. TRACTAMENTS FACIALS Millorar la salut i l&#8217;aparen\u00e7a de la pell del rostre, aconseguint mantenir una pell sana i radiant i endarrerint l&#8217;envelliment. TRACTAMENTS CORPORALS Procediments que es fan amb diferents t\u00e8cniques i tecnologies per oferir una soluci\u00f3&hellip;\" \/>\n<meta property=\"og:url\" content=\"https:\/\/esteticcaldes.com\/ca\/tractaments\/\" \/>\n<meta property=\"og:site_name\" content=\"Est\u00e8tic Caldes\" \/>\n<meta property=\"article:publisher\" content=\"https:\/\/www.facebook.com\/esteticcaldes\/\" \/>\n<meta property=\"article:modified_time\" content=\"2023-12-21T09:16:17+00:00\" \/>\n<meta property=\"og:image\" content=\"https:\/\/esteticcaldes.com\/wp-content\/uploads\/depilacion-laser-min.png\" \/>\n<meta name=\"twitter:card\" content=\"summary_large_image\" \/>\n<meta name=\"twitter:label1\" content=\"Temps estimat de lectura\" \/>\n\t<meta name=\"twitter:data1\" content=\"1 minut\" \/>\n<script type=\"application\/ld+json\" class=\"yoast-schema-graph\">{\"@context\":\"https:\/\/schema.org\",\"@graph\":[{\"@type\":\"WebPage\",\"@id\":\"https:\/\/esteticcaldes.com\/ca\/tractaments\/\",\"url\":\"https:\/\/esteticcaldes.com\/ca\/tractaments\/\",\"name\":\"Tractaments - Est\u00e8tic Caldes\",\"isPartOf\":{\"@id\":\"https:\/\/esteticcaldes.com\/ca\/#website\"},\"datePublished\":\"2023-12-05T17:44:54+00:00\",\"dateModified\":\"2023-12-21T09:16:17+00:00\",\"breadcrumb\":{\"@id\":\"https:\/\/esteticcaldes.com\/ca\/tractaments\/#breadcrumb\"},\"inLanguage\":\"ca\",\"potentialAction\":[{\"@type\":\"ReadAction\",\"target\":[\"https:\/\/esteticcaldes.com\/ca\/tractaments\/\"]}]},{\"@type\":\"BreadcrumbList\",\"@id\":\"https:\/\/esteticcaldes.com\/ca\/tractaments\/#breadcrumb\",\"itemListElement\":[{\"@type\":\"ListItem\",\"position\":1,\"name\":\"Portada\",\"item\":\"https:\/\/esteticcaldes.com\/ca\/\"},{\"@type\":\"ListItem\",\"position\":2,\"name\":\"Tractaments\"}]},{\"@type\":\"WebSite\",\"@id\":\"https:\/\/esteticcaldes.com\/ca\/#website\",\"url\":\"https:\/\/esteticcaldes.com\/ca\/\",\"name\":\"Est\u00e8tic Caldes\",\"description\":\"Centro de Fotodepilaci\u00f3n y Est\u00e9tica avanzada\",\"publisher\":{\"@id\":\"https:\/\/esteticcaldes.com\/ca\/#organization\"},\"potentialAction\":[{\"@type\":\"SearchAction\",\"target\":{\"@type\":\"EntryPoint\",\"urlTemplate\":\"https:\/\/esteticcaldes.com\/ca\/?s={search_term_string}\"},\"query-input\":\"required name=search_term_string\"}],\"inLanguage\":\"ca\"},{\"@type\":\"Organization\",\"@id\":\"https:\/\/esteticcaldes.com\/ca\/#organization\",\"name\":\"Est\u00e8tic Caldes\",\"url\":\"https:\/\/esteticcaldes.com\/ca\/\",\"logo\":{\"@type\":\"ImageObject\",\"inLanguage\":\"ca\",\"@id\":\"https:\/\/esteticcaldes.com\/ca\/#\/schema\/logo\/image\/\",\"url\":\"https:\/\/esteticcaldes.com\/wp-content\/uploads\/logo-e1701891861941.jpeg\",\"contentUrl\":\"https:\/\/esteticcaldes.com\/wp-content\/uploads\/logo-e1701891861941.jpeg\",\"width\":400,\"height\":89,\"caption\":\"Est\u00e8tic Caldes\"},\"image\":{\"@id\":\"https:\/\/esteticcaldes.com\/ca\/#\/schema\/logo\/image\/\"},\"sameAs\":[\"https:\/\/www.facebook.com\/esteticcaldes\/\",\"https:\/\/www.instagram.com\/esteticcaldes\/\",\"https:\/\/g.co\/kgs\/HEUEgL\"]}]}<\/script>\n<!-- \/ Yoast SEO plugin. -->","yoast_head_json":{"title":"Tractaments - Est\u00e8tic Caldes","robots":{"index":"index","follow":"follow","max-snippet":"max-snippet:-1","max-image-preview":"max-image-preview:large","max-video-preview":"max-video-preview:-1"},"canonical":"https:\/\/esteticcaldes.com\/ca\/tractaments\/","og_locale":"ca_ES","og_type":"article","og_title":"Tractaments - Est\u00e8tic Caldes","og_description":"Tractaments Els nostres serveis L\u00c0SER T\u00e8cnica que permet l&#8217;eliminaci\u00f3 progressiva del p\u00e8l de pr\u00e0cticament qualsevol zona del cos. TRACTAMENTS FACIALS Millorar la salut i l&#8217;aparen\u00e7a de la pell del rostre, aconseguint mantenir una pell sana i radiant i endarrerint l&#8217;envelliment. TRACTAMENTS CORPORALS Procediments que es fan amb diferents t\u00e8cniques i tecnologies per oferir una soluci\u00f3&hellip;","og_url":"https:\/\/esteticcaldes.com\/ca\/tractaments\/","og_site_name":"Est\u00e8tic Caldes","article_publisher":"https:\/\/www.facebook.com\/esteticcaldes\/","article_modified_time":"2023-12-21T09:16:17+00:00","og_image":[{"url":"https:\/\/esteticcaldes.com\/wp-content\/uploads\/depilacion-laser-min.png"}],"twitter_card":"summary_large_image","twitter_misc":{"Temps estimat de lectura":"1 minut"},"schema":{"@context":"https:\/\/schema.org","@graph":[{"@type":"WebPage","@id":"https:\/\/esteticcaldes.com\/ca\/tractaments\/","url":"https:\/\/esteticcaldes.com\/ca\/tractaments\/","name":"Tractaments - Est\u00e8tic Caldes","isPartOf":{"@id":"https:\/\/esteticcaldes.com\/ca\/#website"},"datePublished":"2023-12-05T17:44:54+00:00","dateModified":"2023-12-21T09:16:17+00:00","breadcrumb":{"@id":"https:\/\/esteticcaldes.com\/ca\/tractaments\/#breadcrumb"},"inLanguage":"ca","potentialAction":[{"@type":"ReadAction","target":["https:\/\/esteticcaldes.com\/ca\/tractaments\/"]}]},{"@type":"BreadcrumbList","@id":"https:\/\/esteticcaldes.com\/ca\/tractaments\/#breadcrumb","itemListElement":[{"@type":"ListItem","position":1,"name":"Portada","item":"https:\/\/esteticcaldes.com\/ca\/"},{"@type":"ListItem","position":2,"name":"Tractaments"}]},{"@type":"WebSite","@id":"https:\/\/esteticcaldes.com\/ca\/#website","url":"https:\/\/esteticcaldes.com\/ca\/","name":"Est\u00e8tic Caldes","description":"Centro de Fotodepilaci\u00f3n y Est\u00e9tica avanzada","publisher":{"@id":"https:\/\/esteticcaldes.com\/ca\/#organization"},"potentialAction":[{"@type":"SearchAction","target":{"@type":"EntryPoint","urlTemplate":"https:\/\/esteticcaldes.com\/ca\/?s={search_term_string}"},"query-input":"required name=search_term_string"}],"inLanguage":"ca"},{"@type":"Organization","@id":"https:\/\/esteticcaldes.com\/ca\/#organization","name":"Est\u00e8tic Caldes","url":"https:\/\/esteticcaldes.com\/ca\/","logo":{"@type":"ImageObject","inLanguage":"ca","@id":"https:\/\/esteticcaldes.com\/ca\/#\/schema\/logo\/image\/","url":"https:\/\/esteticcaldes.com\/wp-content\/uploads\/logo-e1701891861941.jpeg","contentUrl":"https:\/\/esteticcaldes.com\/wp-content\/uploads\/logo-e1701891861941.jpeg","width":400,"height":89,"caption":"Est\u00e8tic Caldes"},"image":{"@id":"https:\/\/esteticcaldes.com\/ca\/#\/schema\/logo\/image\/"},"sameAs":["https:\/\/www.facebook.com\/esteticcaldes\/","https:\/\/www.instagram.com\/esteticcaldes\/","https:\/\/g.co\/kgs\/HEUEgL"]}]}},"_links":{"self":[{"href":"https:\/\/esteticcaldes.com\/ca\/wp-json\/wp\/v2\/pages\/915","targetHints":{"allow":["GET"]}}],"collection":[{"href":"https:\/\/esteticcaldes.com\/ca\/wp-json\/wp\/v2\/pages"}],"about":[{"href":"https:\/\/esteticcaldes.com\/ca\/wp-json\/wp\/v2\/types\/page"}],"author":[{"embeddable":true,"href":"https:\/\/esteticcaldes.com\/ca\/wp-json\/wp\/v2\/users\/1"}],"replies":[{"embeddable":true,"href":"https:\/\/esteticcaldes.com\/ca\/wp-json\/wp\/v2\/comments?post=915"}],"version-history":[{"count":3,"href":"https:\/\/esteticcaldes.com\/ca\/wp-json\/wp\/v2\/pages\/915\/revisions"}],"predecessor-version":[{"id":946,"href":"https:\/\/esteticcaldes.com\/ca\/wp-json\/wp\/v2\/pages\/915\/revisions\/946"}],"wp:attachment":[{"href":"https:\/\/esteticcaldes.com\/ca\/wp-json\/wp\/v2\/media?parent=915"}],"curies":[{"name":"wp","href":"https:\/\/api.w.org\/{rel}","templated":true}]}}